{"id":6503,"date":"2023-12-13T19:05:43","date_gmt":"2023-12-13T17:05:43","guid":{"rendered":"https:\/\/klaasikunst.ee\/?page_id=6503"},"modified":"2026-02-17T14:48:52","modified_gmt":"2026-02-17T12:48:52","slug":"agnes-torm","status":"publish","type":"page","link":"https:\/\/klaasikunst.ee\/?page_id=6503","title":{"rendered":"Agnes Torm"},"content":{"rendered":"<p><a href=\"http:\/\/klaasikunst.ee\/wp-content\/uploads\/2023\/12\/agnes.jpg\"><img loading=\"lazy\" decoding=\"async\" class=\"alignright wp-image-6678 size-thumbnail\" src=\"http:\/\/klaasikunst.ee\/wp-content\/uploads\/2023\/12\/agnes-150x150.jpg\" alt=\"\" width=\"150\" height=\"150\" \/><\/a>Koduleht: <a href=\"https:\/\/www.disainklaas.ee\" target=\"_blank\" rel=\"noopener\">https:\/\/www.disainklaas.ee<\/a><\/p>\n<p>S\u00fcnniaasta: 1971 Asukoht: Tallinn, Eesti<\/p>\n<p>Usun, et klaas ei ole lihtsalt materjal, vaid valguse ja t\u00e4henduse kandja. Minu looming \u00fchendab esteetika ja funktsiooni. Iga teos s\u00fcnnib soovist anda vorm n\u00e4htamatule \u2013 tunnustusele, m\u00e4lestusele, v\u00e4\u00e4rtusele ja emotsioonile.<br \/>\nKreedo: \u201eLooming algab m\u00f5ttest ja l\u00f5ppeb valgusega.\u201c<\/p>\n<p>Haridus<br \/>\n1995 \u2013 Eesti Kunstiakadeemia (EKA), klaasikunst, cum laude<\/p>\n<p>T\u00f6\u00f6tamine<br \/>\n1996\u20131998 \u2013 klaasikunstnik, Unipartner AS 1999\u20132002 \u2013 FIE, t\u00f6\u00f6 klaasiga<br \/>\n2002\u2013&#8230; \u2013 Disainklaas O\u00dc asutaja ja kunstnik<\/p>\n<p>Olulisemad projektid ja preemiad<br \/>\nEesti Panga, SEB, Swedbanki, Eesti Kultuurkapitali, Tallinki, Eesti Prokuratuuri ja paljude teiste organisatsioonide aastaauhinnad ja erikujundusega klaasist tunnustused.<br \/>\nPostimehe \u201eAasta inimene\u201c, telesaadete \u201eTantsud t\u00e4htedega\u201c, \u201eEestimaa uhkus\u201c jt auhinnad.<br \/>\nTallinna linna kingitus Arvo P\u00e4rdile; Siseministeeriumi ja Keskkonnaministeeriumi tunnustused.<\/p>\n<p>T\u00f6\u00f6d kollektsioonides<br \/>\nT\u00f6\u00f6d era- ja \u00e4riklientide kollektsioonides Eestis ja v\u00e4lismaal; eritellimusel valmistatud auhinnad, karikad ja klaasobjektid avalikus ning institutsionaalses kasutuses.<\/p>\n<p>N\u00e4itused<br \/>\nN\u00e4itusetegevus alates 1995. aastast, sh Kiek in de K\u00f6k, Draakoni galerii, Ugala galerii, Reigi pastoraat, S\u00f5ltumatu Tantsu Lava.<\/p>\n\n\t\t<style type=\"text\/css\">\n\t\t\t#gallery-1 {\n\t\t\t\tmargin: auto;\n\t\t\t}\n\t\t\t#gallery-1 .gallery-item {\n\t\t\t\tfloat: left;\n\t\t\t\tmargin-top: 10px;\n\t\t\t\ttext-align: center;\n\t\t\t\twidth: 25%;\n\t\t\t}\n\t\t\t#gallery-1 img {\n\t\t\t\tborder: 2px solid #cfcfcf;\n\t\t\t}\n\t\t\t#gallery-1 .gallery-caption {\n\t\t\t\tmargin-left: 0;\n\t\t\t}\n\t\t\t\/* see gallery_shortcode() in wp-includes\/media.php *\/\n\t\t<\/style>\n\t\t<div id='gallery-1' class='gallery galleryid-6503 gallery-columns-4 gallery-size-thumbnail'><dl class='gallery-item'>\n\t\t\t<dt class='gallery-icon portrait'>\n\t\t\t\t<a href='https:\/\/klaasikunst.ee\/wp-content\/uploads\/2023\/12\/\u200eyldkogu08-12-2023.\u200e1.jpeg'><img loading=\"lazy\" decoding=\"async\" width=\"150\" height=\"150\" src=\"https:\/\/klaasikunst.ee\/wp-content\/uploads\/2023\/12\/\u200eyldkogu08-12-2023.\u200e1-150x150.jpeg\" class=\"attachment-thumbnail size-thumbnail\" alt=\"\" \/><\/a>\n\t\t\t<\/dt><\/dl><dl class='gallery-item'>\n\t\t\t<dt class='gallery-icon portrait'>\n\t\t\t\t<a href='https:\/\/klaasikunst.ee\/wp-content\/uploads\/2023\/12\/\u200eyldkogu08-12-2023.\u200e2.jpeg'><img loading=\"lazy\" decoding=\"async\" width=\"150\" height=\"150\" src=\"https:\/\/klaasikunst.ee\/wp-content\/uploads\/2023\/12\/\u200eyldkogu08-12-2023.\u200e2-150x150.jpeg\" class=\"attachment-thumbnail size-thumbnail\" alt=\"\" \/><\/a>\n\t\t\t<\/dt><\/dl><dl class='gallery-item'>\n\t\t\t<dt class='gallery-icon portrait'>\n\t\t\t\t<a href='https:\/\/klaasikunst.ee\/wp-content\/uploads\/2023\/12\/\u200eyldkogu08-12-2023.\u200e3.jpeg'><img loading=\"lazy\" decoding=\"async\" width=\"150\" height=\"150\" src=\"https:\/\/klaasikunst.ee\/wp-content\/uploads\/2023\/12\/\u200eyldkogu08-12-2023.\u200e3-150x150.jpeg\" class=\"attachment-thumbnail size-thumbnail\" alt=\"\" \/><\/a>\n\t\t\t<\/dt><\/dl><dl class='gallery-item'>\n\t\t\t<dt class='gallery-icon portrait'>\n\t\t\t\t<a href='https:\/\/klaasikunst.ee\/wp-content\/uploads\/2023\/12\/\u200eyldkogu08-12-2023.\u200e4.jpeg'><img loading=\"lazy\" decoding=\"async\" width=\"150\" height=\"150\" src=\"https:\/\/klaasikunst.ee\/wp-content\/uploads\/2023\/12\/\u200eyldkogu08-12-2023.\u200e4-150x150.jpeg\" class=\"attachment-thumbnail size-thumbnail\" alt=\"\" \/><\/a>\n\t\t\t<\/dt><\/dl><br style=\"clear: both\" \/><dl class='gallery-item'>\n\t\t\t<dt class='gallery-icon portrait'>\n\t\t\t\t<a href='https:\/\/klaasikunst.ee\/wp-content\/uploads\/2023\/12\/\u200eyldkogu08-12-2023.\u200e5.jpeg'><img loading=\"lazy\" decoding=\"async\" width=\"150\" height=\"150\" src=\"https:\/\/klaasikunst.ee\/wp-content\/uploads\/2023\/12\/\u200eyldkogu08-12-2023.\u200e5-150x150.jpeg\" class=\"attachment-thumbnail size-thumbnail\" alt=\"\" \/><\/a>\n\t\t\t<\/dt><\/dl><dl class='gallery-item'>\n\t\t\t<dt class='gallery-icon portrait'>\n\t\t\t\t<a href='https:\/\/klaasikunst.ee\/wp-content\/uploads\/2023\/12\/\u200eyldkogu08-12-2023.\u200e6.jpeg'><img loading=\"lazy\" decoding=\"async\" width=\"150\" height=\"150\" src=\"https:\/\/klaasikunst.ee\/wp-content\/uploads\/2023\/12\/\u200eyldkogu08-12-2023.\u200e6-150x150.jpeg\" class=\"attachment-thumbnail size-thumbnail\" alt=\"\" \/><\/a>\n\t\t\t<\/dt><\/dl><dl class='gallery-item'>\n\t\t\t<dt class='gallery-icon portrait'>\n\t\t\t\t<a href='https:\/\/klaasikunst.ee\/wp-content\/uploads\/2023\/12\/\u200eyldkogu08-12-2023.\u200e7.jpeg'><img loading=\"lazy\" decoding=\"async\" width=\"150\" height=\"150\" src=\"https:\/\/klaasikunst.ee\/wp-content\/uploads\/2023\/12\/\u200eyldkogu08-12-2023.\u200e7-150x150.jpeg\" class=\"attachment-thumbnail size-thumbnail\" alt=\"\" \/><\/a>\n\t\t\t<\/dt><\/dl><dl class='gallery-item'>\n\t\t\t<dt class='gallery-icon portrait'>\n\t\t\t\t<a href='https:\/\/klaasikunst.ee\/wp-content\/uploads\/2023\/12\/\u200eyldkogu08-12-2023.\u200e8.jpeg'><img loading=\"lazy\" decoding=\"async\" width=\"150\" height=\"150\" src=\"https:\/\/klaasikunst.ee\/wp-content\/uploads\/2023\/12\/\u200eyldkogu08-12-2023.\u200e8-150x150.jpeg\" class=\"attachment-thumbnail size-thumbnail\" alt=\"\" \/><\/a>\n\t\t\t<\/dt><\/dl><br style=\"clear: both\" \/>\n\t\t<\/div>\n\n","protected":false},"excerpt":{"rendered":"<p>Koduleht: https:\/\/www.disainklaas.ee S\u00fcnniaasta: 1971 Asukoht: Tallinn, Eesti Usun, et klaas ei ole lihtsalt materjal, vaid valguse ja t\u00e4henduse kandja. Minu looming \u00fchendab esteetika ja funktsiooni. Iga teos s\u00fcnnib soovist anda vorm n\u00e4htamatule \u2013 tunnustusele, m\u00e4lestusele, v\u00e4\u00e4rtusele ja emotsioonile. Kreedo: \u201eLooming algab m\u00f5ttest ja l\u00f5ppeb valgusega.\u201c Haridus 1995 \u2013 Eesti Kunstiakadeemia (EKA), klaasikunst, cum laude T\u00f6\u00f6tamine [&hellip;]<\/p>\n","protected":false},"author":1,"featured_media":0,"parent":154,"menu_order":0,"comment_status":"closed","ping_status":"closed","template":"","meta":{"footnotes":""},"class_list":["post-6503","page","type-page","status-publish","hentry"],"aioseo_notices":[],"_links":{"self":[{"href":"https:\/\/klaasikunst.ee\/index.php?rest_route=\/wp\/v2\/pages\/6503","targetHints":{"allow":["GET"]}}],"collection":[{"href":"https:\/\/klaasikunst.ee\/index.php?rest_route=\/wp\/v2\/pages"}],"about":[{"href":"https:\/\/klaasikunst.ee\/index.php?rest_route=\/wp\/v2\/types\/page"}],"author":[{"embeddable":true,"href":"https:\/\/klaasikunst.ee\/index.php?rest_route=\/wp\/v2\/users\/1"}],"replies":[{"embeddable":true,"href":"https:\/\/klaasikunst.ee\/index.php?rest_route=%2Fwp%2Fv2%2Fcomments&post=6503"}],"version-history":[{"count":11,"href":"https:\/\/klaasikunst.ee\/index.php?rest_route=\/wp\/v2\/pages\/6503\/revisions"}],"predecessor-version":[{"id":7683,"href":"https:\/\/klaasikunst.ee\/index.php?rest_route=\/wp\/v2\/pages\/6503\/revisions\/7683"}],"up":[{"embeddable":true,"href":"https:\/\/klaasikunst.ee\/index.php?rest_route=\/wp\/v2\/pages\/154"}],"wp:attachment":[{"href":"https:\/\/klaasikunst.ee\/index.php?rest_route=%2Fwp%2Fv2%2Fmedia&parent=6503"}],"curies":[{"name":"wp","href":"https:\/\/api.w.org\/{rel}","templated":true}]}}